{"id":553,"date":"2024-11-04T15:32:04","date_gmt":"2024-11-04T14:32:04","guid":{"rendered":"https:\/\/cerv.gov.sk\/?page_id=553"},"modified":"2025-10-06T12:47:16","modified_gmt":"2025-10-06T10:47:16","slug":"ukoncene-vyzvy","status":"publish","type":"page","link":"https:\/\/cerv.gov.sk\/index.php\/vyzvy\/ukoncene-vyzvy\/","title":{"rendered":"Ukon\u010den\u00e9 v\u00fdzvy"},"content":{"rendered":"\t\t<div data-elementor-type=\"wp-page\" data-elementor-id=\"553\" class=\"elementor elementor-553\">\n\t\t\t\t<div class=\"elementor-element elementor-element-6be4030 e-flex e-con-boxed e-con e-parent\" data-id=\"6be4030\" data-element_type=\"container\" data-settings=\"{&quot;background_background&quot;:&quot;classic&quot;}\">\n\t\t\t\t\t<div class=\"e-con-inner\">\n\t\t<div class=\"elementor-element elementor-element-8cf4ab9 e-con-full e-flex e-con e-child\" data-id=\"8cf4ab9\" data-element_type=\"container\">\n\t\t\t\t<div class=\"elementor-element elementor-element-10e02fe elementor-widget elementor-widget-heading\" data-id=\"10e02fe\" data-element_type=\"widget\" data-widget_type=\"heading.default\">\n\t\t\t\t<div class=\"elementor-widget-container\">\n\t\t\t\t\t<h1 class=\"elementor-heading-title elementor-size-default\">Ukon\u010den\u00e9 v\u00fdzvy<\/h1>\t\t\t\t<\/div>\n\t\t\t\t<\/div>\n\t\t\t\t<div class=\"elementor-element elementor-element-5288199 elementor-widget elementor-widget-text-editor\" data-id=\"5288199\" data-element_type=\"widget\" data-widget_type=\"text-editor.default\">\n\t\t\t\t<div class=\"elementor-widget-container\">\n\t\t\t\t\t\t\t\t\t<p>Zoznam ukon\u010den\u00fdch v\u00fdziev<\/p>\t\t\t\t\t\t\t\t<\/div>\n\t\t\t\t<\/div>\n\t\t\t\t<\/div>\n\t\t\t\t\t<\/div>\n\t\t\t\t<\/div>\n\t\t<div class=\"elementor-element elementor-element-7d2d853 e-flex e-con-boxed e-con e-parent\" data-id=\"7d2d853\" data-element_type=\"container\">\n\t\t\t\t\t<div class=\"e-con-inner\">\n\t\t\t\t<div class=\"elementor-element elementor-element-3487f02 elementor-grid-eael-col-3 elementor-grid-tablet-eael-col-2 elementor-grid-mobile-eael-col-1 elementor-widget elementor-widget-eael-post-grid\" data-id=\"3487f02\" data-element_type=\"widget\" data-settings=\"{&quot;eael_post_grid_columns&quot;:&quot;eael-col-3&quot;,&quot;eael_post_grid_columns_tablet&quot;:&quot;eael-col-2&quot;,&quot;eael_post_grid_columns_mobile&quot;:&quot;eael-col-1&quot;}\" data-widget_type=\"eael-post-grid.default\">\n\t\t\t\t<div class=\"elementor-widget-container\">\n\t\t\t\t\t<div id=\"eael-post-grid-3487f02\" class=\"eael-post-grid-container\">\n            <div class=\"eael-post-grid eael-post-appender eael-post-appender-3487f02 eael-post-grid-style-two\" data-layout-mode=\"grid\"><article class=\"eael-grid-post eael-post-grid-column\" data-id=\"302\">\n        <div class=\"eael-grid-post-holder\">\n            <div class=\"eael-grid-post-holder-inner\"><div class=\"eael-entry-media\"><div class=\"eael-entry-overlay fade-in\"><i class=\"fas fa-long-arrow-alt-right\" aria-hidden=\"true\"><\/i><a href=\"https:\/\/cerv.gov.sk\/index.php\/2024\/09\/13\/project-1\/\"><\/a><\/div><div class=\"eael-entry-thumbnail eael-image-ratio\">\n                                <img fetchpriority=\"high\" decoding=\"async\" width=\"300\" height=\"212\" src=\"https:\/\/cerv.gov.sk\/wp-content\/uploads\/2024\/09\/Konzultacia-3-300x212.jpg\" class=\"attachment-medium size-medium wp-image-1066\" alt=\"Ilustra\u010dn\u00fd obr\u00e1zok - ruky\" srcset=\"https:\/\/cerv.gov.sk\/wp-content\/uploads\/2024\/09\/Konzultacia-3-300x212.jpg 300w, https:\/\/cerv.gov.sk\/wp-content\/uploads\/2024\/09\/Konzultacia-3-1024x724.jpg 1024w, https:\/\/cerv.gov.sk\/wp-content\/uploads\/2024\/09\/Konzultacia-3-768x543.jpg 768w, https:\/\/cerv.gov.sk\/wp-content\/uploads\/2024\/09\/Konzultacia-3-1536x1086.jpg 1536w, https:\/\/cerv.gov.sk\/wp-content\/uploads\/2024\/09\/Konzultacia-3.jpg 2000w\" sizes=\"(max-width: 300px) 100vw, 300px\" \/>\n                              <\/div>\n                      <\/div><div class=\"eael-entry-wrapper\"><header class=\"eael-entry-header\"><h2 class=\"eael-entry-title\"><a class=\"eael-grid-post-link\" href=\"https:\/\/cerv.gov.sk\/index.php\/2024\/09\/13\/project-1\/\" title=\"V\u00fdzvy CERV-2025-OG-FPA a CERV-2025-OG-SGA\">V\u00fdzvy CERV-2025-OG-FPA a CERV-2025-OG-SGA<\/a><\/h2><\/header><div class=\"eael-entry-header-after style-two\"><div class=\"eael-entry-meta\"><span class=\"eael-posted-on eael-meta-posted-on\"><i class=\"far fa-clock\"><\/i><time datetime=\"13. septembra 2024\">13. septembra 2024<\/time><\/span><\/div><\/div><div class=\"eael-entry-content\">\n                                    <div class=\"eael-grid-post-excerpt\"><p>V\u00fdzva na predkladanie \u017eiadost\u00ed na trojro\u010dn\u00e9 r\u00e1mcov\u00e9 dohody o partnerstve...<\/p><a\n                                        href=\"https:\/\/cerv.gov.sk\/index.php\/2024\/09\/13\/project-1\/\"\n                                        class=\"eael-post-elements-readmore-btn\">Chcem vedie\u0165 viac<\/a><\/div>\n                                <\/div><\/div><\/div>\n        <\/div>\n    <\/article><article class=\"eael-grid-post eael-post-grid-column\" data-id=\"1056\">\n        <div class=\"eael-grid-post-holder\">\n            <div class=\"eael-grid-post-holder-inner\"><div class=\"eael-entry-media\"><div class=\"eael-entry-overlay fade-in\"><i class=\"fas fa-long-arrow-alt-right\" aria-hidden=\"true\"><\/i><a href=\"https:\/\/cerv.gov.sk\/index.php\/2024\/11\/22\/cerv-2025-citizens-town-nt\/\"><\/a><\/div><div class=\"eael-entry-thumbnail eael-image-ratio\">\n                                <img decoding=\"async\" width=\"300\" height=\"212\" src=\"https:\/\/cerv.gov.sk\/wp-content\/uploads\/2024\/11\/Konzultacia-2-300x212.jpg\" class=\"attachment-medium size-medium wp-image-1062\" alt=\"Ilustra\u010dn\u00fd obr\u00e1zok - siete\" srcset=\"https:\/\/cerv.gov.sk\/wp-content\/uploads\/2024\/11\/Konzultacia-2-300x212.jpg 300w, https:\/\/cerv.gov.sk\/wp-content\/uploads\/2024\/11\/Konzultacia-2-1024x724.jpg 1024w, https:\/\/cerv.gov.sk\/wp-content\/uploads\/2024\/11\/Konzultacia-2-768x543.jpg 768w, https:\/\/cerv.gov.sk\/wp-content\/uploads\/2024\/11\/Konzultacia-2-1536x1086.jpg 1536w, https:\/\/cerv.gov.sk\/wp-content\/uploads\/2024\/11\/Konzultacia-2.jpg 2000w\" sizes=\"(max-width: 300px) 100vw, 300px\" \/>\n                              <\/div>\n                      <\/div><div class=\"eael-entry-wrapper\"><header class=\"eael-entry-header\"><h2 class=\"eael-entry-title\"><a class=\"eael-grid-post-link\" href=\"https:\/\/cerv.gov.sk\/index.php\/2024\/11\/22\/cerv-2025-citizens-town-nt\/\" title=\"V\u00fdzva CERV-2025-CITIZENS-TOWN-NT\">V\u00fdzva CERV-2025-CITIZENS-TOWN-NT<\/a><\/h2><\/header><div class=\"eael-entry-header-after style-two\"><div class=\"eael-entry-meta\"><span class=\"eael-posted-on eael-meta-posted-on\"><i class=\"far fa-clock\"><\/i><time datetime=\"22. novembra 2024\">22. novembra 2024<\/time><\/span><\/div><\/div><div class=\"eael-entry-content\">\n                                    <div class=\"eael-grid-post-excerpt\"><p>V\u00fdzva Siete miest (Networks of Towns) CERV-2025-CITIZENS-TOWNS-NT T\u00e9my a priority\u00a0...<\/p><a\n                                        href=\"https:\/\/cerv.gov.sk\/index.php\/2024\/11\/22\/cerv-2025-citizens-town-nt\/\"\n                                        class=\"eael-post-elements-readmore-btn\">Chcem vedie\u0165 viac<\/a><\/div>\n                                <\/div><\/div><\/div>\n        <\/div>\n    <\/article><article class=\"eael-grid-post eael-post-grid-column\" data-id=\"1534\">\n        <div class=\"eael-grid-post-holder\">\n            <div class=\"eael-grid-post-holder-inner\"><div class=\"eael-entry-media\"><div class=\"eael-entry-overlay fade-in\"><i class=\"fas fa-long-arrow-alt-right\" aria-hidden=\"true\"><\/i><a href=\"https:\/\/cerv.gov.sk\/index.php\/2024\/12\/10\/cerv-2025-citizens-civ\/\"><\/a><\/div><div class=\"eael-entry-thumbnail eael-image-ratio\">\n                                <img decoding=\"async\" width=\"300\" height=\"212\" src=\"https:\/\/cerv.gov.sk\/wp-content\/uploads\/2024\/11\/Konzultacia-2-300x212.jpg\" class=\"attachment-medium size-medium wp-image-1062\" alt=\"Ilustra\u010dn\u00fd obr\u00e1zok - siete\" srcset=\"https:\/\/cerv.gov.sk\/wp-content\/uploads\/2024\/11\/Konzultacia-2-300x212.jpg 300w, https:\/\/cerv.gov.sk\/wp-content\/uploads\/2024\/11\/Konzultacia-2-1024x724.jpg 1024w, https:\/\/cerv.gov.sk\/wp-content\/uploads\/2024\/11\/Konzultacia-2-768x543.jpg 768w, https:\/\/cerv.gov.sk\/wp-content\/uploads\/2024\/11\/Konzultacia-2-1536x1086.jpg 1536w, https:\/\/cerv.gov.sk\/wp-content\/uploads\/2024\/11\/Konzultacia-2.jpg 2000w\" sizes=\"(max-width: 300px) 100vw, 300px\" \/>\n                              <\/div>\n                      <\/div><div class=\"eael-entry-wrapper\"><header class=\"eael-entry-header\"><h2 class=\"eael-entry-title\"><a class=\"eael-grid-post-link\" href=\"https:\/\/cerv.gov.sk\/index.php\/2024\/12\/10\/cerv-2025-citizens-civ\/\" title=\"V\u00fdzva CERV-2025-CITIZENS \u2013CIV\">V\u00fdzva CERV-2025-CITIZENS \u2013CIV<\/a><\/h2><\/header><div class=\"eael-entry-header-after style-two\"><div class=\"eael-entry-meta\"><span class=\"eael-posted-on eael-meta-posted-on\"><i class=\"far fa-clock\"><\/i><time datetime=\"10. decembra 2024\">10. decembra 2024<\/time><\/span><\/div><\/div><div class=\"eael-entry-content\">\n                                    <div class=\"eael-grid-post-excerpt\"><p>V\u00fdzva Anga\u017eovanos\u0165 a particip\u00e1cia ob\u010danov CERV-2025-CITIZENS-CIV T\u00e9my a priority\u00a0 Podpora...<\/p><a\n                                        href=\"https:\/\/cerv.gov.sk\/index.php\/2024\/12\/10\/cerv-2025-citizens-civ\/\"\n                                        class=\"eael-post-elements-readmore-btn\">Chcem vedie\u0165 viac<\/a><\/div>\n                                <\/div><\/div><\/div>\n        <\/div>\n    <\/article><article class=\"eael-grid-post eael-post-grid-column\" data-id=\"1707\">\n        <div class=\"eael-grid-post-holder\">\n            <div class=\"eael-grid-post-holder-inner\"><div class=\"eael-entry-media\"><div class=\"eael-entry-overlay fade-in\"><i class=\"fas fa-long-arrow-alt-right\" aria-hidden=\"true\"><\/i><a href=\"https:\/\/cerv.gov.sk\/index.php\/2024\/12\/20\/vyzva-cerv-2025-child\/\"><\/a><\/div><div class=\"eael-entry-thumbnail eael-image-ratio\">\n                                <img decoding=\"async\" width=\"300\" height=\"212\" src=\"https:\/\/cerv.gov.sk\/wp-content\/uploads\/2024\/12\/Konzultacia-5-300x212.png\" class=\"attachment-medium size-medium wp-image-1729\" alt=\"Ilustra\u010dn\u00fd obr\u00e1zok - deti\" srcset=\"https:\/\/cerv.gov.sk\/wp-content\/uploads\/2024\/12\/Konzultacia-5-300x212.png 300w, https:\/\/cerv.gov.sk\/wp-content\/uploads\/2024\/12\/Konzultacia-5-1024x724.png 1024w, https:\/\/cerv.gov.sk\/wp-content\/uploads\/2024\/12\/Konzultacia-5-768x543.png 768w, https:\/\/cerv.gov.sk\/wp-content\/uploads\/2024\/12\/Konzultacia-5-1536x1086.png 1536w, https:\/\/cerv.gov.sk\/wp-content\/uploads\/2024\/12\/Konzultacia-5.png 2000w\" sizes=\"(max-width: 300px) 100vw, 300px\" \/>\n                              <\/div>\n                      <\/div><div class=\"eael-entry-wrapper\"><header class=\"eael-entry-header\"><h2 class=\"eael-entry-title\"><a class=\"eael-grid-post-link\" href=\"https:\/\/cerv.gov.sk\/index.php\/2024\/12\/20\/vyzva-cerv-2025-child\/\" title=\"V\u00fdzva CERV-2025-CHILD\">V\u00fdzva CERV-2025-CHILD<\/a><\/h2><\/header><div class=\"eael-entry-header-after style-two\"><div class=\"eael-entry-meta\"><span class=\"eael-posted-on eael-meta-posted-on\"><i class=\"far fa-clock\"><\/i><time datetime=\"20. decembra 2024\">20. decembra 2024<\/time><\/span><\/div><\/div><div class=\"eael-entry-content\">\n                                    <div class=\"eael-grid-post-excerpt\"><p>V\u00fdzva Pr\u00e1va die\u0165a\u0165a a \u00fa\u010das\u0165 det\u00ed CERV-2025-CHILD T\u00e9my a priority\u00a0...<\/p><a\n                                        href=\"https:\/\/cerv.gov.sk\/index.php\/2024\/12\/20\/vyzva-cerv-2025-child\/\"\n                                        class=\"eael-post-elements-readmore-btn\">Chcem vedie\u0165 viac<\/a><\/div>\n                                <\/div><\/div><\/div>\n        <\/div>\n    <\/article><article class=\"eael-grid-post eael-post-grid-column\" data-id=\"1981\">\n        <div class=\"eael-grid-post-holder\">\n            <div class=\"eael-grid-post-holder-inner\"><div class=\"eael-entry-media\"><div class=\"eael-entry-overlay fade-in\"><i class=\"fas fa-long-arrow-alt-right\" aria-hidden=\"true\"><\/i><a href=\"https:\/\/cerv.gov.sk\/index.php\/2025\/02\/17\/vyzva-daphne\/\"><\/a><\/div><div class=\"eael-entry-thumbnail eael-image-ratio\">\n                                <img decoding=\"async\" width=\"300\" height=\"212\" src=\"https:\/\/cerv.gov.sk\/wp-content\/uploads\/2024\/12\/Konzultacia-5-300x212.png\" class=\"attachment-medium size-medium wp-image-1729\" alt=\"Ilustra\u010dn\u00fd obr\u00e1zok - deti\" srcset=\"https:\/\/cerv.gov.sk\/wp-content\/uploads\/2024\/12\/Konzultacia-5-300x212.png 300w, https:\/\/cerv.gov.sk\/wp-content\/uploads\/2024\/12\/Konzultacia-5-1024x724.png 1024w, https:\/\/cerv.gov.sk\/wp-content\/uploads\/2024\/12\/Konzultacia-5-768x543.png 768w, https:\/\/cerv.gov.sk\/wp-content\/uploads\/2024\/12\/Konzultacia-5-1536x1086.png 1536w, https:\/\/cerv.gov.sk\/wp-content\/uploads\/2024\/12\/Konzultacia-5.png 2000w\" sizes=\"(max-width: 300px) 100vw, 300px\" \/>\n                              <\/div>\n                      <\/div><div class=\"eael-entry-wrapper\"><header class=\"eael-entry-header\"><h2 class=\"eael-entry-title\"><a class=\"eael-grid-post-link\" href=\"https:\/\/cerv.gov.sk\/index.php\/2025\/02\/17\/vyzva-daphne\/\" title=\"V\u00fdzva DAPHNE\">V\u00fdzva DAPHNE<\/a><\/h2><\/header><div class=\"eael-entry-header-after style-two\"><div class=\"eael-entry-meta\"><span class=\"eael-posted-on eael-meta-posted-on\"><i class=\"far fa-clock\"><\/i><time datetime=\"17. febru\u00e1ra 2025\">17. febru\u00e1ra 2025<\/time><\/span><\/div><\/div><div class=\"eael-entry-content\">\n                                    <div class=\"eael-grid-post-excerpt\"><p>V\u00fdzva DAPHNE V\u00fdzva zameran\u00e1 na prevenciu a boj proti rodovo...<\/p><a\n                                        href=\"https:\/\/cerv.gov.sk\/index.php\/2025\/02\/17\/vyzva-daphne\/\"\n                                        class=\"eael-post-elements-readmore-btn\">Chcem vedie\u0165 viac<\/a><\/div>\n                                <\/div><\/div><\/div>\n        <\/div>\n    <\/article><article class=\"eael-grid-post eael-post-grid-column\" data-id=\"2072\">\n        <div class=\"eael-grid-post-holder\">\n            <div class=\"eael-grid-post-holder-inner\"><div class=\"eael-entry-media\"><div class=\"eael-entry-overlay fade-in\"><i class=\"fas fa-long-arrow-alt-right\" aria-hidden=\"true\"><\/i><a href=\"https:\/\/cerv.gov.sk\/index.php\/2025\/02\/26\/vyzva-cerv-partnerske-mesta-town-twinning\/\"><\/a><\/div><div class=\"eael-entry-thumbnail eael-image-ratio\">\n                                <img loading=\"lazy\" decoding=\"async\" width=\"300\" height=\"300\" src=\"https:\/\/cerv.gov.sk\/wp-content\/uploads\/2024\/09\/Projekt-3-300x300.png\" class=\"attachment-medium size-medium wp-image-315\" alt=\"Ilustra\u010dn\u00fd obr\u00e1zok - Unity\" srcset=\"https:\/\/cerv.gov.sk\/wp-content\/uploads\/2024\/09\/Projekt-3-300x300.png 300w, https:\/\/cerv.gov.sk\/wp-content\/uploads\/2024\/09\/Projekt-3-150x150.png 150w, https:\/\/cerv.gov.sk\/wp-content\/uploads\/2024\/09\/Projekt-3.png 750w\" sizes=\"(max-width: 300px) 100vw, 300px\" \/>\n                              <\/div>\n                      <\/div><div class=\"eael-entry-wrapper\"><header class=\"eael-entry-header\"><h2 class=\"eael-entry-title\"><a class=\"eael-grid-post-link\" href=\"https:\/\/cerv.gov.sk\/index.php\/2025\/02\/26\/vyzva-cerv-partnerske-mesta-town-twinning\/\" title=\"V\u00fdzva CERV-Partnersk\u00e9 mest\u00e1- Town twinning\">V\u00fdzva CERV-Partnersk\u00e9 mest\u00e1- Town twinning<\/a><\/h2><\/header><div class=\"eael-entry-header-after style-two\"><div class=\"eael-entry-meta\"><span class=\"eael-posted-on eael-meta-posted-on\"><i class=\"far fa-clock\"><\/i><time datetime=\"26. febru\u00e1ra 2025\">26. febru\u00e1ra 2025<\/time><\/span><\/div><\/div><div class=\"eael-entry-content\">\n                                    <div class=\"eael-grid-post-excerpt\"><p>V\u00fdzva Partnersk\u00e9 mest\u00e1 (Town Twinning) T\u00e9my a priority &#8211; ciele\u00a0...<\/p><a\n                                        href=\"https:\/\/cerv.gov.sk\/index.php\/2025\/02\/26\/vyzva-cerv-partnerske-mesta-town-twinning\/\"\n                                        class=\"eael-post-elements-readmore-btn\">Chcem vedie\u0165 viac<\/a><\/div>\n                                <\/div><\/div><\/div>\n        <\/div>\n    <\/article><article class=\"eael-grid-post eael-post-grid-column\" data-id=\"2452\">\n        <div class=\"eael-grid-post-holder\">\n            <div class=\"eael-grid-post-holder-inner\"><div class=\"eael-entry-media\"><div class=\"eael-entry-overlay fade-in\"><i class=\"fas fa-long-arrow-alt-right\" aria-hidden=\"true\"><\/i><a href=\"https:\/\/cerv.gov.sk\/index.php\/2025\/05\/20\/vyzva-cerv-cerv-2025-char-liti-charta-zakladnych-prav-eu\/\"><\/a><\/div><div class=\"eael-entry-thumbnail eael-image-ratio\">\n                                <img loading=\"lazy\" decoding=\"async\" width=\"300\" height=\"164\" src=\"https:\/\/cerv.gov.sk\/wp-content\/uploads\/2024\/09\/Rights-300x164.png\" class=\"attachment-medium size-medium wp-image-233\" alt=\"Ilustra\u010dn\u00fd obr\u00e1zok - vlajka E\u00da\" srcset=\"https:\/\/cerv.gov.sk\/wp-content\/uploads\/2024\/09\/Rights-300x164.png 300w, https:\/\/cerv.gov.sk\/wp-content\/uploads\/2024\/09\/Rights.png 336w\" sizes=\"(max-width: 300px) 100vw, 300px\" \/>\n                              <\/div>\n                      <\/div><div class=\"eael-entry-wrapper\"><header class=\"eael-entry-header\"><h2 class=\"eael-entry-title\"><a class=\"eael-grid-post-link\" href=\"https:\/\/cerv.gov.sk\/index.php\/2025\/05\/20\/vyzva-cerv-cerv-2025-char-liti-charta-zakladnych-prav-eu\/\" title=\"V\u00fdzva CERV &#8211; CERV-2025-CHAR-LITI &#8211; Charta z\u00e1kladn\u00fdch pr\u00e1v E\u00da\">V\u00fdzva CERV &#8211; CERV-2025-CHAR-LITI &#8211; Charta z\u00e1kladn\u00fdch pr\u00e1v E\u00da<\/a><\/h2><\/header><div class=\"eael-entry-header-after style-two\"><div class=\"eael-entry-meta\"><span class=\"eael-posted-on eael-meta-posted-on\"><i class=\"far fa-clock\"><\/i><time datetime=\"20. m\u00e1ja 2025\">20. m\u00e1ja 2025<\/time><\/span><\/div><\/div><div class=\"eael-entry-content\">\n                                    <div class=\"eael-grid-post-excerpt\"><p>V\u00fdzva CERV-2025-CHAR-LITI &#8211; Charta z\u00e1kladn\u00fdch pr\u00e1v E\u00da T\u00e9my a priority...<\/p><a\n                                        href=\"https:\/\/cerv.gov.sk\/index.php\/2025\/05\/20\/vyzva-cerv-cerv-2025-char-liti-charta-zakladnych-prav-eu\/\"\n                                        class=\"eael-post-elements-readmore-btn\">Chcem vedie\u0165 viac<\/a><\/div>\n                                <\/div><\/div><\/div>\n        <\/div>\n    <\/article><article class=\"eael-grid-post eael-post-grid-column\" data-id=\"2545\">\n        <div class=\"eael-grid-post-holder\">\n            <div class=\"eael-grid-post-holder-inner\"><div class=\"eael-entry-media\"><div class=\"eael-entry-overlay fade-in\"><i class=\"fas fa-long-arrow-alt-right\" aria-hidden=\"true\"><\/i><a href=\"https:\/\/cerv.gov.sk\/index.php\/2025\/06\/23\/vyzva-cerv-cerv-2025-citizens-rem-europska-spomienka\/\"><\/a><\/div><div class=\"eael-entry-thumbnail eael-image-ratio\">\n                                <img loading=\"lazy\" decoding=\"async\" width=\"300\" height=\"300\" src=\"https:\/\/cerv.gov.sk\/wp-content\/uploads\/2025\/10\/Untitled-design-300x300.png\" class=\"attachment-medium size-medium wp-image-3149\" alt=\"Ilustra\u010dn\u00fd obr\u00e1zok: 4 pruhy CERV a \u010diernobiele fotky\" srcset=\"https:\/\/cerv.gov.sk\/wp-content\/uploads\/2025\/10\/Untitled-design-300x300.png 300w, https:\/\/cerv.gov.sk\/wp-content\/uploads\/2025\/10\/Untitled-design-1024x1024.png 1024w, https:\/\/cerv.gov.sk\/wp-content\/uploads\/2025\/10\/Untitled-design-150x150.png 150w, https:\/\/cerv.gov.sk\/wp-content\/uploads\/2025\/10\/Untitled-design-768x768.png 768w, https:\/\/cerv.gov.sk\/wp-content\/uploads\/2025\/10\/Untitled-design.png 1080w\" sizes=\"(max-width: 300px) 100vw, 300px\" \/>\n                              <\/div>\n                      <\/div><div class=\"eael-entry-wrapper\"><header class=\"eael-entry-header\"><h2 class=\"eael-entry-title\"><a class=\"eael-grid-post-link\" href=\"https:\/\/cerv.gov.sk\/index.php\/2025\/06\/23\/vyzva-cerv-cerv-2025-citizens-rem-europska-spomienka\/\" title=\"V\u00fdzva CERV &#8211; CERV-2025-CITIZENS-REM-Eur\u00f3pska spomienka\">V\u00fdzva CERV &#8211; CERV-2025-CITIZENS-REM-Eur\u00f3pska spomienka<\/a><\/h2><\/header><div class=\"eael-entry-header-after style-two\"><div class=\"eael-entry-meta\"><span class=\"eael-posted-on eael-meta-posted-on\"><i class=\"far fa-clock\"><\/i><time datetime=\"23. j\u00fana 2025\">23. j\u00fana 2025<\/time><\/span><\/div><\/div><div class=\"eael-entry-content\">\n                                    <div class=\"eael-grid-post-excerpt\"><p>V\u00fdzva CERV-2025-CITIZENS-REM &#8211; Eur\u00f3pska spomienka T\u00e9my a priority V\u00fdzva sa...<\/p><a\n                                        href=\"https:\/\/cerv.gov.sk\/index.php\/2025\/06\/23\/vyzva-cerv-cerv-2025-citizens-rem-europska-spomienka\/\"\n                                        class=\"eael-post-elements-readmore-btn\">Chcem vedie\u0165 viac<\/a><\/div>\n                                <\/div><\/div><\/div>\n        <\/div>\n    <\/article><article class=\"eael-grid-post eael-post-grid-column\" data-id=\"2666\">\n        <div class=\"eael-grid-post-holder\">\n            <div class=\"eael-grid-post-holder-inner\"><div class=\"eael-entry-media\"><div class=\"eael-entry-overlay fade-in\"><i class=\"fas fa-long-arrow-alt-right\" aria-hidden=\"true\"><\/i><a href=\"https:\/\/cerv.gov.sk\/index.php\/2025\/06\/27\/vyzva-cerv-cerv-2025-equal\/\"><\/a><\/div><div class=\"eael-entry-thumbnail eael-image-ratio\">\n                                <img loading=\"lazy\" decoding=\"async\" width=\"300\" height=\"167\" src=\"https:\/\/cerv.gov.sk\/wp-content\/uploads\/2025\/06\/diversity-300x167.jpg\" class=\"attachment-medium size-medium wp-image-2668\" alt=\"Ilustra\u010dn\u00fd obr\u00e1zok-postavy \u013eud\u00ed r\u00f4znej farby pleti a etncity na podporu rozmanitosti\" srcset=\"https:\/\/cerv.gov.sk\/wp-content\/uploads\/2025\/06\/diversity-300x167.jpg 300w, https:\/\/cerv.gov.sk\/wp-content\/uploads\/2025\/06\/diversity-1024x569.jpg 1024w, https:\/\/cerv.gov.sk\/wp-content\/uploads\/2025\/06\/diversity-768x427.jpg 768w, https:\/\/cerv.gov.sk\/wp-content\/uploads\/2025\/06\/diversity-1536x853.jpg 1536w, https:\/\/cerv.gov.sk\/wp-content\/uploads\/2025\/06\/diversity-2048x1138.jpg 2048w\" sizes=\"(max-width: 300px) 100vw, 300px\" \/>\n                              <\/div>\n                      <\/div><div class=\"eael-entry-wrapper\"><header class=\"eael-entry-header\"><h2 class=\"eael-entry-title\"><a class=\"eael-grid-post-link\" href=\"https:\/\/cerv.gov.sk\/index.php\/2025\/06\/27\/vyzva-cerv-cerv-2025-equal\/\" title=\"V\u00fdzva CERV &#8211; CERV-2025-EQUAL\">V\u00fdzva CERV &#8211; CERV-2025-EQUAL<\/a><\/h2><\/header><div class=\"eael-entry-header-after style-two\"><div class=\"eael-entry-meta\"><span class=\"eael-posted-on eael-meta-posted-on\"><i class=\"far fa-clock\"><\/i><time datetime=\"27. j\u00fana 2025\">27. j\u00fana 2025<\/time><\/span><\/div><\/div><div class=\"eael-entry-content\">\n                                    <div class=\"eael-grid-post-excerpt\"><p>V\u00fdzva CERV-2025-EQUAL: V\u00fdzva na predkladanie \u017eiadost\u00ed na podporu rovnosti a...<\/p><a\n                                        href=\"https:\/\/cerv.gov.sk\/index.php\/2025\/06\/27\/vyzva-cerv-cerv-2025-equal\/\"\n                                        class=\"eael-post-elements-readmore-btn\">Chcem vedie\u0165 viac<\/a><\/div>\n                                <\/div><\/div><\/div>\n        <\/div>\n    <\/article><article class=\"eael-grid-post eael-post-grid-column\" data-id=\"2734\">\n        <div class=\"eael-grid-post-holder\">\n            <div class=\"eael-grid-post-holder-inner\"><div class=\"eael-entry-media\"><div class=\"eael-entry-overlay fade-in\"><i class=\"fas fa-long-arrow-alt-right\" aria-hidden=\"true\"><\/i><a href=\"https:\/\/cerv.gov.sk\/index.php\/2025\/06\/30\/vyzvy-cerv-cerv-2025-disa-og-fpa-a-cerv-2025-disa-og-sga\/\"><\/a><\/div><div class=\"eael-entry-thumbnail eael-image-ratio\">\n                                <img fetchpriority=\"high\" decoding=\"async\" width=\"300\" height=\"212\" src=\"https:\/\/cerv.gov.sk\/wp-content\/uploads\/2024\/09\/Konzultacia-3-300x212.jpg\" class=\"attachment-medium size-medium wp-image-1066\" alt=\"Ilustra\u010dn\u00fd obr\u00e1zok - ruky\" srcset=\"https:\/\/cerv.gov.sk\/wp-content\/uploads\/2024\/09\/Konzultacia-3-300x212.jpg 300w, https:\/\/cerv.gov.sk\/wp-content\/uploads\/2024\/09\/Konzultacia-3-1024x724.jpg 1024w, https:\/\/cerv.gov.sk\/wp-content\/uploads\/2024\/09\/Konzultacia-3-768x543.jpg 768w, https:\/\/cerv.gov.sk\/wp-content\/uploads\/2024\/09\/Konzultacia-3-1536x1086.jpg 1536w, https:\/\/cerv.gov.sk\/wp-content\/uploads\/2024\/09\/Konzultacia-3.jpg 2000w\" sizes=\"(max-width: 300px) 100vw, 300px\" \/>\n                              <\/div>\n                      <\/div><div class=\"eael-entry-wrapper\"><header class=\"eael-entry-header\"><h2 class=\"eael-entry-title\"><a class=\"eael-grid-post-link\" href=\"https:\/\/cerv.gov.sk\/index.php\/2025\/06\/30\/vyzvy-cerv-cerv-2025-disa-og-fpa-a-cerv-2025-disa-og-sga\/\" title=\"V\u00fdzvy CERV-CERV-2025-OG-DISA-FPA\/SGA pre organiz\u00e1cie p\u00f4sobiace v oblasti pr\u00e1v os\u00f4b so zdravotn\u00fdm znev\u00fdhodnen\u00edm\">V\u00fdzvy CERV-CERV-2025-OG-DISA-FPA\/SGA pre organiz\u00e1cie p\u00f4sobiace v oblasti pr\u00e1v os\u00f4b so zdravotn\u00fdm znev\u00fdhodnen\u00edm<\/a><\/h2><\/header><div class=\"eael-entry-header-after style-two\"><div class=\"eael-entry-meta\"><span class=\"eael-posted-on eael-meta-posted-on\"><i class=\"far fa-clock\"><\/i><time datetime=\"30. j\u00fana 2025\">30. j\u00fana 2025<\/time><\/span><\/div><\/div><div class=\"eael-entry-content\">\n                                    <div class=\"eael-grid-post-excerpt\"><p>V\u00fdzva na predkladanie \u017eiadost\u00ed na trojro\u010dn\u00e9 r\u00e1mcov\u00e9 partnersk\u00e9 dohody na...<\/p><a\n                                        href=\"https:\/\/cerv.gov.sk\/index.php\/2025\/06\/30\/vyzvy-cerv-cerv-2025-disa-og-fpa-a-cerv-2025-disa-og-sga\/\"\n                                        class=\"eael-post-elements-readmore-btn\">Chcem vedie\u0165 viac<\/a><\/div>\n                                <\/div><\/div><\/div>\n        <\/div>\n    <\/article><article class=\"eael-grid-post eael-post-grid-column\" data-id=\"3452\">\n        <div class=\"eael-grid-post-holder\">\n            <div class=\"eael-grid-post-holder-inner\"><div class=\"eael-entry-media\"><div class=\"eael-entry-overlay fade-in\"><i class=\"fas fa-long-arrow-alt-right\" aria-hidden=\"true\"><\/i><a href=\"https:\/\/cerv.gov.sk\/index.php\/2025\/12\/11\/narodny-kontaktny-bod-pre-romov-nrcp\/\"><\/a><\/div><div class=\"eael-entry-thumbnail eael-image-ratio\">\n                                <img fetchpriority=\"high\" decoding=\"async\" width=\"300\" height=\"212\" src=\"https:\/\/cerv.gov.sk\/wp-content\/uploads\/2024\/09\/Konzultacia-3-300x212.jpg\" class=\"attachment-medium size-medium wp-image-1066\" alt=\"Ilustra\u010dn\u00fd obr\u00e1zok - ruky\" srcset=\"https:\/\/cerv.gov.sk\/wp-content\/uploads\/2024\/09\/Konzultacia-3-300x212.jpg 300w, https:\/\/cerv.gov.sk\/wp-content\/uploads\/2024\/09\/Konzultacia-3-1024x724.jpg 1024w, https:\/\/cerv.gov.sk\/wp-content\/uploads\/2024\/09\/Konzultacia-3-768x543.jpg 768w, https:\/\/cerv.gov.sk\/wp-content\/uploads\/2024\/09\/Konzultacia-3-1536x1086.jpg 1536w, https:\/\/cerv.gov.sk\/wp-content\/uploads\/2024\/09\/Konzultacia-3.jpg 2000w\" sizes=\"(max-width: 300px) 100vw, 300px\" \/>\n                              <\/div>\n                      <\/div><div class=\"eael-entry-wrapper\"><header class=\"eael-entry-header\"><h2 class=\"eael-entry-title\"><a class=\"eael-grid-post-link\" href=\"https:\/\/cerv.gov.sk\/index.php\/2025\/12\/11\/narodny-kontaktny-bod-pre-romov-nrcp\/\" title=\"V\u00fdzva pre N\u00e1rodn\u00e9 kontaktn\u00e9 miesta pre R\u00f3mov (NRCP)\">V\u00fdzva pre N\u00e1rodn\u00e9 kontaktn\u00e9 miesta pre R\u00f3mov (NRCP)<\/a><\/h2><\/header><div class=\"eael-entry-header-after style-two\"><div class=\"eael-entry-meta\"><span class=\"eael-posted-on eael-meta-posted-on\"><i class=\"far fa-clock\"><\/i><time datetime=\"11. decembra 2025\">11. decembra 2025<\/time><\/span><\/div><\/div><div class=\"eael-entry-content\">\n                                    <div class=\"eael-grid-post-excerpt\"><p>CERV-2026-NRCP | otvoren\u00e1 do 09.04.2026<\/p><a\n                                        href=\"https:\/\/cerv.gov.sk\/index.php\/2025\/12\/11\/narodny-kontaktny-bod-pre-romov-nrcp\/\"\n                                        class=\"eael-post-elements-readmore-btn\">Chcem vedie\u0165 viac<\/a><\/div>\n                                <\/div><\/div><\/div>\n        <\/div>\n    <\/article><article class=\"eael-grid-post eael-post-grid-column\" data-id=\"3490\">\n        <div class=\"eael-grid-post-holder\">\n            <div class=\"eael-grid-post-holder-inner\"><div class=\"eael-entry-media\"><div class=\"eael-entry-overlay fade-in\"><i class=\"fas fa-long-arrow-alt-right\" aria-hidden=\"true\"><\/i><a href=\"https:\/\/cerv.gov.sk\/index.php\/2025\/12\/22\/vyzva-siete-miest\/\"><\/a><\/div><div class=\"eael-entry-thumbnail eael-image-ratio\">\n                                <img decoding=\"async\" width=\"300\" height=\"212\" src=\"https:\/\/cerv.gov.sk\/wp-content\/uploads\/2024\/11\/Konzultacia-2-300x212.jpg\" class=\"attachment-medium size-medium wp-image-1062\" alt=\"Ilustra\u010dn\u00fd obr\u00e1zok - siete\" srcset=\"https:\/\/cerv.gov.sk\/wp-content\/uploads\/2024\/11\/Konzultacia-2-300x212.jpg 300w, https:\/\/cerv.gov.sk\/wp-content\/uploads\/2024\/11\/Konzultacia-2-1024x724.jpg 1024w, https:\/\/cerv.gov.sk\/wp-content\/uploads\/2024\/11\/Konzultacia-2-768x543.jpg 768w, https:\/\/cerv.gov.sk\/wp-content\/uploads\/2024\/11\/Konzultacia-2-1536x1086.jpg 1536w, https:\/\/cerv.gov.sk\/wp-content\/uploads\/2024\/11\/Konzultacia-2.jpg 2000w\" sizes=\"(max-width: 300px) 100vw, 300px\" \/>\n                              <\/div>\n                      <\/div><div class=\"eael-entry-wrapper\"><header class=\"eael-entry-header\"><h2 class=\"eael-entry-title\"><a class=\"eael-grid-post-link\" href=\"https:\/\/cerv.gov.sk\/index.php\/2025\/12\/22\/vyzva-siete-miest\/\" title=\"V\u00fdzva Siete miest\">V\u00fdzva Siete miest<\/a><\/h2><\/header><div class=\"eael-entry-header-after style-two\"><div class=\"eael-entry-meta\"><span class=\"eael-posted-on eael-meta-posted-on\"><i class=\"far fa-clock\"><\/i><time datetime=\"22. decembra 2025\">22. decembra 2025<\/time><\/span><\/div><\/div><div class=\"eael-entry-content\">\n                                    <div class=\"eael-grid-post-excerpt\"><p>CERV-2026-CITIZENS-TOWN-NT | otvoren\u00e1 do 16.4.2026<\/p><a\n                                        href=\"https:\/\/cerv.gov.sk\/index.php\/2025\/12\/22\/vyzva-siete-miest\/\"\n                                        class=\"eael-post-elements-readmore-btn\">Chcem vedie\u0165 viac<\/a><\/div>\n                                <\/div><\/div><\/div>\n        <\/div>\n    <\/article><article class=\"eael-grid-post eael-post-grid-column\" data-id=\"3587\">\n        <div class=\"eael-grid-post-holder\">\n            <div class=\"eael-grid-post-holder-inner\"><div class=\"eael-entry-media\"><div class=\"eael-entry-overlay fade-in\"><i class=\"fas fa-long-arrow-alt-right\" aria-hidden=\"true\"><\/i><a href=\"https:\/\/cerv.gov.sk\/index.php\/2026\/02\/11\/vyzva-rodova-rovnost\/\"><\/a><\/div><div class=\"eael-entry-thumbnail eael-image-ratio\">\n                                <img loading=\"lazy\" decoding=\"async\" width=\"300\" height=\"300\" src=\"https:\/\/cerv.gov.sk\/wp-content\/uploads\/2024\/09\/2024-09-12_163210-300x300.png\" class=\"attachment-medium size-medium wp-image-41\" alt=\"Ilustra\u010dn\u00fd obr\u00e1zok - \u017eena\" srcset=\"https:\/\/cerv.gov.sk\/wp-content\/uploads\/2024\/09\/2024-09-12_163210-300x300.png 300w, https:\/\/cerv.gov.sk\/wp-content\/uploads\/2024\/09\/2024-09-12_163210-150x150.png 150w, https:\/\/cerv.gov.sk\/wp-content\/uploads\/2024\/09\/2024-09-12_163210.png 750w\" sizes=\"(max-width: 300px) 100vw, 300px\" \/>\n                              <\/div>\n                      <\/div><div class=\"eael-entry-wrapper\"><header class=\"eael-entry-header\"><h2 class=\"eael-entry-title\"><a class=\"eael-grid-post-link\" href=\"https:\/\/cerv.gov.sk\/index.php\/2026\/02\/11\/vyzva-rodova-rovnost\/\" title=\"V\u00fdzva Rodov\u00e1 rovnos\u0165\">V\u00fdzva Rodov\u00e1 rovnos\u0165<\/a><\/h2><\/header><div class=\"eael-entry-header-after style-two\"><div class=\"eael-entry-meta\"><span class=\"eael-posted-on eael-meta-posted-on\"><i class=\"far fa-clock\"><\/i><time datetime=\"11. febru\u00e1ra 2026\">11. febru\u00e1ra 2026<\/time><\/span><\/div><\/div><div class=\"eael-entry-content\">\n                                    <div class=\"eael-grid-post-excerpt\"><p>CERV-2026-GE | otvoren\u00e1 do 28.4.2026<\/p><a\n                                        href=\"https:\/\/cerv.gov.sk\/index.php\/2026\/02\/11\/vyzva-rodova-rovnost\/\"\n                                        class=\"eael-post-elements-readmore-btn\">Chcem vedie\u0165 viac<\/a><\/div>\n                                <\/div><\/div><\/div>\n        <\/div>\n    <\/article><article class=\"eael-grid-post eael-post-grid-column\" data-id=\"3673\">\n        <div class=\"eael-grid-post-holder\">\n            <div class=\"eael-grid-post-holder-inner\"><div class=\"eael-entry-media\"><div class=\"eael-entry-overlay fade-in\"><i class=\"fas fa-long-arrow-alt-right\" aria-hidden=\"true\"><\/i><a href=\"https:\/\/cerv.gov.sk\/index.php\/2026\/03\/03\/vyzva-cerv-2026-citizens-civ\/\"><\/a><\/div><div class=\"eael-entry-thumbnail eael-image-ratio\">\n                                <img decoding=\"async\" width=\"300\" height=\"212\" src=\"https:\/\/cerv.gov.sk\/wp-content\/uploads\/2024\/11\/Konzultacia-2-300x212.jpg\" class=\"attachment-medium size-medium wp-image-1062\" alt=\"Ilustra\u010dn\u00fd obr\u00e1zok - siete\" srcset=\"https:\/\/cerv.gov.sk\/wp-content\/uploads\/2024\/11\/Konzultacia-2-300x212.jpg 300w, https:\/\/cerv.gov.sk\/wp-content\/uploads\/2024\/11\/Konzultacia-2-1024x724.jpg 1024w, https:\/\/cerv.gov.sk\/wp-content\/uploads\/2024\/11\/Konzultacia-2-768x543.jpg 768w, https:\/\/cerv.gov.sk\/wp-content\/uploads\/2024\/11\/Konzultacia-2-1536x1086.jpg 1536w, https:\/\/cerv.gov.sk\/wp-content\/uploads\/2024\/11\/Konzultacia-2.jpg 2000w\" sizes=\"(max-width: 300px) 100vw, 300px\" \/>\n                              <\/div>\n                      <\/div><div class=\"eael-entry-wrapper\"><header class=\"eael-entry-header\"><h2 class=\"eael-entry-title\"><a class=\"eael-grid-post-link\" href=\"https:\/\/cerv.gov.sk\/index.php\/2026\/03\/03\/vyzva-cerv-2026-citizens-civ\/\" title=\"V\u00fdzva Anga\u017eovanos\u0165 a particip\u00e1cia ob\u010danov\">V\u00fdzva Anga\u017eovanos\u0165 a particip\u00e1cia ob\u010danov<\/a><\/h2><\/header><div class=\"eael-entry-header-after style-two\"><div class=\"eael-entry-meta\"><span class=\"eael-posted-on eael-meta-posted-on\"><i class=\"far fa-clock\"><\/i><time datetime=\"3. marca 2026\">3. marca 2026<\/time><\/span><\/div><\/div><div class=\"eael-entry-content\">\n                                    <div class=\"eael-grid-post-excerpt\"><p>V\u00fdzva CERV-2026-CITIZENS \u2013CIV | otvoren\u00e1 do 29.4.2026<\/p><a\n                                        href=\"https:\/\/cerv.gov.sk\/index.php\/2026\/03\/03\/vyzva-cerv-2026-citizens-civ\/\"\n                                        class=\"eael-post-elements-readmore-btn\">Chcem vedie\u0165 viac<\/a><\/div>\n                                <\/div><\/div><\/div>\n        <\/div>\n    <\/article><\/div>\n            <div class=\"clearfix\"><\/div>\n        <\/div>\t\t\t\t<\/div>\n\t\t\t\t<\/div>\n\t\t\t\t\t<\/div>\n\t\t\t\t<\/div>\n\t\t\t\t<\/div>\n\t\t","protected":false},"excerpt":{"rendered":"<p>Ukon\u010den\u00e9 v\u00fdzvy Zoznam ukon\u010den\u00fdch v\u00fdziev V\u00fdzvy CERV-2025-OG-FPA a CERV-2025-OG-SGA 13. September 2024 V\u00fdzva na predkladanie \u017eiadost\u00ed na trojro\u010dn\u00e9 r\u00e1mcov\u00e9 dohody [&hellip;]<\/p>\n","protected":false},"author":1,"featured_media":1066,"parent":13,"menu_order":0,"comment_status":"closed","ping_status":"closed","template":"","meta":{"om_disable_all_campaigns":false,"_monsterinsights_skip_tracking":false,"_monsterinsights_sitenote_active":false,"_monsterinsights_sitenote_note":"","_monsterinsights_sitenote_category":0,"_uf_show_specific_survey":0,"_uf_disable_surveys":false,"site-sidebar-layout":"no-sidebar","site-content-layout":"","ast-site-content-layout":"full-width-container","site-content-style":"default","site-sidebar-style":"default","ast-global-header-display":"","ast-banner-title-visibility":"","ast-main-header-display":"","ast-hfb-above-header-display":"","ast-hfb-below-header-display":"","ast-hfb-mobile-header-display":"","site-post-title":"disabled","ast-breadcrumbs-content":"","ast-featured-img":"disabled","footer-sml-layout":"","theme-transparent-header-meta":"","adv-header-id-meta":"","stick-header-meta":"","header-above-stick-meta":"","header-main-stick-meta":"","header-below-stick-meta":"","astra-migrate-meta-layouts":"default","ast-page-background-enabled":"default","ast-page-background-meta":{"desktop":{"background-color":"var(--ast-global-color-4)","background-image":"","background-repeat":"repeat","background-position":"center center","background-size":"auto","background-attachment":"scroll","background-type":"","background-media":"","overlay-type":"","overlay-color":"","overlay-opacity":"","overlay-gradient":""},"tablet":{"background-color":"","background-image":"","background-repeat":"repeat","background-position":"center center","background-size":"auto","background-attachment":"scroll","background-type":"","background-media":"","overlay-type":"","overlay-color":"","overlay-opacity":"","overlay-gradient":""},"mobile":{"background-color":"","background-image":"","background-repeat":"repeat","background-position":"center center","background-size":"auto","background-attachment":"scroll","background-type":"","background-media":"","overlay-type":"","overlay-color":"","overlay-opacity":"","overlay-gradient":""}},"ast-content-background-meta":{"desktop":{"background-color":"var(--ast-global-color-5)","background-image":"","background-repeat":"repeat","background-position":"center center","background-size":"auto","background-attachment":"scroll","background-type":"","background-media":"","overlay-type":"","overlay-color":"","overlay-opacity":"","overlay-gradient":""},"tablet":{"background-color":"var(--ast-global-color-5)","background-image":"","background-repeat":"repeat","background-position":"center center","background-size":"auto","background-attachment":"scroll","background-type":"","background-media":"","overlay-type":"","overlay-color":"","overlay-opacity":"","overlay-gradient":""},"mobile":{"background-color":"var(--ast-global-color-5)","background-image":"","background-repeat":"repeat","background-position":"center center","background-size":"auto","background-attachment":"scroll","background-type":"","background-media":"","overlay-type":"","overlay-color":"","overlay-opacity":"","overlay-gradient":""}},"footnotes":""},"class_list":["post-553","page","type-page","status-publish","has-post-thumbnail","hentry"],"aioseo_notices":[],"_links":{"self":[{"href":"https:\/\/cerv.gov.sk\/index.php\/wp-json\/wp\/v2\/pages\/553","targetHints":{"allow":["GET"]}}],"collection":[{"href":"https:\/\/cerv.gov.sk\/index.php\/wp-json\/wp\/v2\/pages"}],"about":[{"href":"https:\/\/cerv.gov.sk\/index.php\/wp-json\/wp\/v2\/types\/page"}],"author":[{"embeddable":true,"href":"https:\/\/cerv.gov.sk\/index.php\/wp-json\/wp\/v2\/users\/1"}],"replies":[{"embeddable":true,"href":"https:\/\/cerv.gov.sk\/index.php\/wp-json\/wp\/v2\/comments?post=553"}],"version-history":[{"count":46,"href":"https:\/\/cerv.gov.sk\/index.php\/wp-json\/wp\/v2\/pages\/553\/revisions"}],"predecessor-version":[{"id":3148,"href":"https:\/\/cerv.gov.sk\/index.php\/wp-json\/wp\/v2\/pages\/553\/revisions\/3148"}],"up":[{"embeddable":true,"href":"https:\/\/cerv.gov.sk\/index.php\/wp-json\/wp\/v2\/pages\/13"}],"wp:featuredmedia":[{"embeddable":true,"href":"https:\/\/cerv.gov.sk\/index.php\/wp-json\/wp\/v2\/media\/1066"}],"wp:attachment":[{"href":"https:\/\/cerv.gov.sk\/index.php\/wp-json\/wp\/v2\/media?parent=553"}],"curies":[{"name":"wp","href":"https:\/\/api.w.org\/{rel}","templated":true}]}}