{"id":551,"date":"2024-11-04T15:31:56","date_gmt":"2024-11-04T14:31:56","guid":{"rendered":"https:\/\/cerv.gov.sk\/?page_id=551"},"modified":"2025-08-14T13:02:36","modified_gmt":"2025-08-14T11:02:36","slug":"aktualne-vyzvy","status":"publish","type":"page","link":"https:\/\/cerv.gov.sk\/index.php\/vyzvy\/aktualne-vyzvy\/","title":{"rendered":"Aktu\u00e1lne v\u00fdzvy"},"content":{"rendered":"\t\t<div data-elementor-type=\"wp-page\" data-elementor-id=\"551\" class=\"elementor elementor-551\">\n\t\t\t\t<div class=\"elementor-element elementor-element-6be4030 e-flex e-con-boxed e-con e-parent\" data-id=\"6be4030\" data-element_type=\"container\" data-e-type=\"container\" data-settings=\"{&quot;background_background&quot;:&quot;classic&quot;}\">\n\t\t\t\t\t<div class=\"e-con-inner\">\n\t\t<div class=\"elementor-element elementor-element-8cf4ab9 e-con-full e-flex e-con e-child\" data-id=\"8cf4ab9\" data-element_type=\"container\" data-e-type=\"container\">\n\t\t\t\t<div class=\"elementor-element elementor-element-10e02fe elementor-widget elementor-widget-heading\" data-id=\"10e02fe\" data-element_type=\"widget\" data-e-type=\"widget\" data-widget_type=\"heading.default\">\n\t\t\t\t<div class=\"elementor-widget-container\">\n\t\t\t\t\t<h1 class=\"elementor-heading-title elementor-size-default\">Aktu\u00e1lne v\u00fdzvy<\/h1>\t\t\t\t<\/div>\n\t\t\t\t<\/div>\n\t\t\t\t<div class=\"elementor-element elementor-element-5288199 elementor-widget elementor-widget-text-editor\" data-id=\"5288199\" data-element_type=\"widget\" data-e-type=\"widget\" data-widget_type=\"text-editor.default\">\n\t\t\t\t<div class=\"elementor-widget-container\">\n\t\t\t\t\t\t\t\t\t<p>Zoznam aktu\u00e1lne vyhl\u00e1sen\u00fdch v\u00fdziev<\/p>\t\t\t\t\t\t\t\t<\/div>\n\t\t\t\t<\/div>\n\t\t\t\t<\/div>\n\t\t\t\t\t<\/div>\n\t\t\t\t<\/div>\n\t\t<div class=\"elementor-element elementor-element-ff2cc41 e-flex e-con-boxed e-con e-parent\" data-id=\"ff2cc41\" data-element_type=\"container\" data-e-type=\"container\" data-settings=\"{&quot;background_background&quot;:&quot;classic&quot;}\">\n\t\t\t\t\t<div class=\"e-con-inner\">\n\t\t\t\t<div class=\"elementor-element elementor-element-df14d30 elementor-grid-eael-col-3 elementor-grid-tablet-eael-col-3 elementor-grid-mobile-eael-col-1 elementor-widget elementor-widget-eael-post-grid\" data-id=\"df14d30\" data-element_type=\"widget\" data-e-type=\"widget\" data-settings=\"{&quot;eael_post_grid_columns&quot;:&quot;eael-col-3&quot;,&quot;eael_post_grid_columns_tablet&quot;:&quot;eael-col-3&quot;,&quot;eael_post_grid_columns_mobile&quot;:&quot;eael-col-1&quot;}\" data-widget_type=\"eael-post-grid.default\">\n\t\t\t\t<div class=\"elementor-widget-container\">\n\t\t\t\t\t<div id=\"eael-post-grid-df14d30\" class=\"eael-post-grid-container\">\n            <div class=\"eael-post-grid eael-post-appender eael-post-appender-df14d30 eael-post-grid-style-one\" data-layout-mode=\"grid\"><article class=\"eael-grid-post  eael-post-grid-column eael-pg-post-4332 category-aktuality tags-aktuality-aktualne-vyzvy-vyzvy\" data-id=\"4332\">\n        <div class=\"eael-grid-post-holder\">\n            <div class=\"eael-grid-post-holder-inner\"><div class=\"eael-entry-media\"><div class=\"eael-entry-overlay zoom-in\"><i class=\"far fa-question-circle\" aria-hidden=\"true\"><\/i><a href=\"https:\/\/cerv.gov.sk\/index.php\/2026\/07\/15\/vyzva-daphne-2\/\"><\/a><\/div><div class=\"eael-entry-thumbnail eael-image-ratio\">\n                <img fetchpriority=\"high\" decoding=\"async\" width=\"300\" height=\"212\" src=\"https:\/\/cerv.gov.sk\/wp-content\/uploads\/2024\/12\/Konzultacia-5-300x212.png\" class=\"attachment-medium size-medium wp-image-1729\" alt=\"Ilustra\u010dn\u00fd obr\u00e1zok - deti\" srcset=\"https:\/\/cerv.gov.sk\/wp-content\/uploads\/2024\/12\/Konzultacia-5-300x212.png 300w, https:\/\/cerv.gov.sk\/wp-content\/uploads\/2024\/12\/Konzultacia-5-1024x724.png 1024w, https:\/\/cerv.gov.sk\/wp-content\/uploads\/2024\/12\/Konzultacia-5-768x543.png 768w, https:\/\/cerv.gov.sk\/wp-content\/uploads\/2024\/12\/Konzultacia-5-1536x1086.png 1536w, https:\/\/cerv.gov.sk\/wp-content\/uploads\/2024\/12\/Konzultacia-5.png 2000w\" sizes=\"(max-width: 300px) 100vw, 300px\" \/>\n            <\/div>\n        <\/div><div class=\"eael-entry-wrapper\"><header class=\"eael-entry-header\"><h2 class=\"eael-entry-title\"><a class=\"eael-grid-post-link\" href=\"https:\/\/cerv.gov.sk\/index.php\/2026\/07\/15\/vyzva-daphne-2\/\" title=\"V\u00fdzva DAPHNE\">V\u00fdzva DAPHNE<\/a><\/h2><\/header><div class=\"eael-entry-content\">\n                        <div class=\"eael-grid-post-excerpt\"><p>CERV-2026-DAPHNE | otvoren\u00e1 do 5.11.2026<\/p><a href=\"https:\/\/cerv.gov.sk\/index.php\/2026\/07\/15\/vyzva-daphne-2\/\" class=\"eael-post-elements-readmore-btn\">Chcem vedie\u0165 viac<\/a><\/div>\n                    <\/div><\/div><\/div>\n        <\/div>\n    <\/article><article class=\"eael-grid-post  eael-post-grid-column eael-pg-post-3993 category-aktuality tags-aktuality-aktualne-vyzvy-vyzvy\" data-id=\"3993\">\n        <div class=\"eael-grid-post-holder\">\n            <div class=\"eael-grid-post-holder-inner\"><div class=\"eael-entry-media\"><div class=\"eael-entry-overlay zoom-in\"><i class=\"far fa-question-circle\" aria-hidden=\"true\"><\/i><a href=\"https:\/\/cerv.gov.sk\/index.php\/2026\/05\/06\/vyzva-charta-zakladnych-prav-eu\/\"><\/a><\/div><div class=\"eael-entry-thumbnail eael-image-ratio\">\n                <img decoding=\"async\" width=\"300\" height=\"164\" src=\"https:\/\/cerv.gov.sk\/wp-content\/uploads\/2024\/09\/Rights-300x164.png\" class=\"attachment-medium size-medium wp-image-233\" alt=\"Ilustra\u010dn\u00fd obr\u00e1zok - vlajka E\u00da\" srcset=\"https:\/\/cerv.gov.sk\/wp-content\/uploads\/2024\/09\/Rights-300x164.png 300w, https:\/\/cerv.gov.sk\/wp-content\/uploads\/2024\/09\/Rights.png 336w\" sizes=\"(max-width: 300px) 100vw, 300px\" \/>\n            <\/div>\n        <\/div><div class=\"eael-entry-wrapper\"><header class=\"eael-entry-header\"><h2 class=\"eael-entry-title\"><a class=\"eael-grid-post-link\" href=\"https:\/\/cerv.gov.sk\/index.php\/2026\/05\/06\/vyzva-charta-zakladnych-prav-eu\/\" title=\"V\u00fdzva Charta z\u00e1kladn\u00fdch pr\u00e1v E\u00da\">V\u00fdzva Charta z\u00e1kladn\u00fdch pr\u00e1v E\u00da<\/a><\/h2><\/header><div class=\"eael-entry-content\">\n                        <div class=\"eael-grid-post-excerpt\"><p>CERV-2026-CHAR-LITI | otvoren\u00e1 do 15.9.2026<\/p><a href=\"https:\/\/cerv.gov.sk\/index.php\/2026\/05\/06\/vyzva-charta-zakladnych-prav-eu\/\" class=\"eael-post-elements-readmore-btn\">Chcem vedie\u0165 viac<\/a><\/div>\n                    <\/div><\/div><\/div>\n        <\/div>\n    <\/article><article class=\"eael-grid-post  eael-post-grid-column eael-pg-post-3966 category-aktuality tags-aktuality-aktualne-vyzvy-vyzvy\" data-id=\"3966\">\n        <div class=\"eael-grid-post-holder\">\n            <div class=\"eael-grid-post-holder-inner\"><div class=\"eael-entry-media\"><div class=\"eael-entry-overlay zoom-in\"><i class=\"far fa-question-circle\" aria-hidden=\"true\"><\/i><a href=\"https:\/\/cerv.gov.sk\/index.php\/2026\/05\/04\/vyzva-cerv-partnerske-mesta-town-twinning-2\/\"><\/a><\/div><div class=\"eael-entry-thumbnail eael-image-ratio\">\n                <img decoding=\"async\" width=\"300\" height=\"300\" src=\"https:\/\/cerv.gov.sk\/wp-content\/uploads\/2024\/09\/Projekt-3-300x300.png\" class=\"attachment-medium size-medium wp-image-315\" alt=\"Ilustra\u010dn\u00fd obr\u00e1zok - Unity\" srcset=\"https:\/\/cerv.gov.sk\/wp-content\/uploads\/2024\/09\/Projekt-3-300x300.png 300w, https:\/\/cerv.gov.sk\/wp-content\/uploads\/2024\/09\/Projekt-3-150x150.png 150w, https:\/\/cerv.gov.sk\/wp-content\/uploads\/2024\/09\/Projekt-3.png 750w\" sizes=\"(max-width: 300px) 100vw, 300px\" \/>\n            <\/div>\n        <\/div><div class=\"eael-entry-wrapper\"><header class=\"eael-entry-header\"><h2 class=\"eael-entry-title\"><a class=\"eael-grid-post-link\" href=\"https:\/\/cerv.gov.sk\/index.php\/2026\/05\/04\/vyzva-cerv-partnerske-mesta-town-twinning-2\/\" title=\"V\u00fdzva CERV-Partnersk\u00e9 mest\u00e1- Town Twinning\">V\u00fdzva CERV-Partnersk\u00e9 mest\u00e1- Town Twinning<\/a><\/h2><\/header><div class=\"eael-entry-content\">\n                        <div class=\"eael-grid-post-excerpt\"><p>CERV-2026-CITIZENS-TOWN-TT | otvoren\u00e1 do 23.9.2026<\/p><a href=\"https:\/\/cerv.gov.sk\/index.php\/2026\/05\/04\/vyzva-cerv-partnerske-mesta-town-twinning-2\/\" class=\"eael-post-elements-readmore-btn\">Chcem vedie\u0165 viac<\/a><\/div>\n                    <\/div><\/div><\/div>\n        <\/div>\n    <\/article><article class=\"eael-grid-post  eael-post-grid-column eael-pg-post-3417 category-aktuality tags-aktuality-aktualne-vyzvy-vyzvy\" data-id=\"3417\">\n        <div class=\"eael-grid-post-holder\">\n            <div class=\"eael-grid-post-holder-inner\"><div class=\"eael-entry-media\"><div class=\"eael-entry-overlay zoom-in\"><i class=\"far fa-question-circle\" aria-hidden=\"true\"><\/i><a href=\"https:\/\/cerv.gov.sk\/index.php\/2025\/12\/04\/novy-pracovny-program-cerv-na-roky-2026-a-2027\/\"><\/a><\/div><div class=\"eael-entry-thumbnail eael-image-ratio\">\n                <img loading=\"lazy\" decoding=\"async\" width=\"300\" height=\"300\" src=\"https:\/\/cerv.gov.sk\/wp-content\/uploads\/2025\/12\/updated-indicative-plan-December-300x300.png\" class=\"attachment-medium size-medium wp-image-3419\" alt=\"pracovn\u00fd program na roky 2026\/2027 a indikativny plan vyziev na rok 2026\" srcset=\"https:\/\/cerv.gov.sk\/wp-content\/uploads\/2025\/12\/updated-indicative-plan-December-300x300.png 300w, https:\/\/cerv.gov.sk\/wp-content\/uploads\/2025\/12\/updated-indicative-plan-December-1024x1024.png 1024w, https:\/\/cerv.gov.sk\/wp-content\/uploads\/2025\/12\/updated-indicative-plan-December-150x150.png 150w, https:\/\/cerv.gov.sk\/wp-content\/uploads\/2025\/12\/updated-indicative-plan-December-768x768.png 768w, https:\/\/cerv.gov.sk\/wp-content\/uploads\/2025\/12\/updated-indicative-plan-December.png 1080w\" sizes=\"(max-width: 300px) 100vw, 300px\" \/>\n            <\/div>\n        <\/div><div class=\"eael-entry-wrapper\"><header class=\"eael-entry-header\"><h2 class=\"eael-entry-title\"><a class=\"eael-grid-post-link\" href=\"https:\/\/cerv.gov.sk\/index.php\/2025\/12\/04\/novy-pracovny-program-cerv-na-roky-2026-a-2027\/\" title=\"Nov\u00fd pracovn\u00fd program CERV na roky 2026 a 2027\">Nov\u00fd pracovn\u00fd program CERV na roky 2026 a 2027<\/a><\/h2><\/header><div class=\"eael-entry-content\">\n                        <div class=\"eael-grid-post-excerpt\"><p>18 v\u00fdziev na predkladanie \u017eiadost\u00ed (DG JUST & EACEA)<\/p><a href=\"https:\/\/cerv.gov.sk\/index.php\/2025\/12\/04\/novy-pracovny-program-cerv-na-roky-2026-a-2027\/\" class=\"eael-post-elements-readmore-btn\">Chcem vedie\u0165 viac<\/a><\/div>\n                    <\/div><\/div><\/div>\n        <\/div>\n    <\/article><\/div>\n            <div class=\"clearfix\"><\/div>\n        <\/div>\t\t\t\t<\/div>\n\t\t\t\t<\/div>\n\t\t\t\t\t<\/div>\n\t\t\t\t<\/div>\n\t\t\t\t<\/div>\n\t\t","protected":false},"excerpt":{"rendered":"<p>Aktu\u00e1lne v\u00fdzvy Zoznam aktu\u00e1lne vyhl\u00e1sen\u00fdch v\u00fdziev V\u00fdzva CERV-2025-CHILD V\u00fdzva Pr\u00e1va die\u0165a\u0165a a \u00fa\u010das\u0165 det\u00ed CERV-2025-CHILD T\u00e9my a priority\u00a0&#8230; Chcem vedie\u0165 [&hellip;]<\/p>\n","protected":false},"author":1,"featured_media":0,"parent":13,"menu_order":0,"comment_status":"closed","ping_status":"closed","template":"","meta":{"om_disable_all_campaigns":false,"_monsterinsights_skip_tracking":false,"_uf_show_specific_survey":0,"_uf_disable_surveys":false,"site-sidebar-layout":"no-sidebar","site-content-layout":"","ast-site-content-layout":"full-width-container","site-content-style":"default","site-sidebar-style":"default","ast-global-header-display":"","ast-banner-title-visibility":"","ast-main-header-display":"","ast-hfb-above-header-display":"","ast-hfb-below-header-display":"","ast-hfb-mobile-header-display":"","site-post-title":"disabled","ast-breadcrumbs-content":"","ast-featured-img":"disabled","footer-sml-layout":"","theme-transparent-header-meta":"","adv-header-id-meta":"","stick-header-meta":"","header-above-stick-meta":"","header-main-stick-meta":"","header-below-stick-meta":"","astra-migrate-meta-layouts":"default","ast-page-background-enabled":"default","ast-page-background-meta":{"desktop":{"background-color":"var(--ast-global-color-4)","background-image":"","background-repeat":"repeat","background-position":"center center","background-size":"auto","background-attachment":"scroll","background-type":"","background-media":"","overlay-type":"","overlay-color":"","overlay-opacity":"","overlay-gradient":""},"tablet":{"background-color":"","background-image":"","background-repeat":"repeat","background-position":"center center","background-size":"auto","background-attachment":"scroll","background-type":"","background-media":"","overlay-type":"","overlay-color":"","overlay-opacity":"","overlay-gradient":""},"mobile":{"background-color":"","background-image":"","background-repeat":"repeat","background-position":"center center","background-size":"auto","background-attachment":"scroll","background-type":"","background-media":"","overlay-type":"","overlay-color":"","overlay-opacity":"","overlay-gradient":""}},"ast-content-background-meta":{"desktop":{"background-color":"var(--ast-global-color-5)","background-image":"","background-repeat":"repeat","background-position":"center center","background-size":"auto","background-attachment":"scroll","background-type":"","background-media":"","overlay-type":"","overlay-color":"","overlay-opacity":"","overlay-gradient":""},"tablet":{"background-color":"var(--ast-global-color-5)","background-image":"","background-repeat":"repeat","background-position":"center center","background-size":"auto","background-attachment":"scroll","background-type":"","background-media":"","overlay-type":"","overlay-color":"","overlay-opacity":"","overlay-gradient":""},"mobile":{"background-color":"var(--ast-global-color-5)","background-image":"","background-repeat":"repeat","background-position":"center center","background-size":"auto","background-attachment":"scroll","background-type":"","background-media":"","overlay-type":"","overlay-color":"","overlay-opacity":"","overlay-gradient":""}},"footnotes":""},"class_list":["post-551","page","type-page","status-publish","hentry"],"aioseo_notices":[],"aioseo_head":"\n\t\t<!-- All in One SEO 5.0.1.1 - aioseo.com -->\n\t<meta name=\"description\" content=\"18 v\u00fdziev na predkladanie \u017eiadost\u00ed (DG JUST &amp; EACEA)\" \/>\n\t<meta name=\"robots\" content=\"noindex, nofollow, max-image-preview:large\" \/>\n\t<link rel=\"canonical\" href=\"https:\/\/cerv.gov.sk\/index.php\/2025\/12\/04\/novy-pracovny-program-cerv-na-roky-2026-a-2027\/\" \/>\n\t<meta name=\"generator\" content=\"All in One SEO (AIOSEO) 5.0.1.1\" \/>\n\t\t<meta property=\"og:locale\" content=\"sk_SK\" \/>\n\t\t<meta property=\"og:site_name\" content=\"-\" \/>\n\t\t<meta property=\"og:type\" content=\"article\" \/>\n\t\t<meta property=\"og:title\" content=\"Nov\u00fd pracovn\u00fd program CERV na roky 2026 a 2027 -\" \/>\n\t\t<meta property=\"og:description\" content=\"18 v\u00fdziev na predkladanie \u017eiadost\u00ed (DG JUST &amp; EACEA)\" \/>\n\t\t<meta property=\"og:url\" content=\"https:\/\/cerv.gov.sk\/index.php\/2025\/12\/04\/novy-pracovny-program-cerv-na-roky-2026-a-2027\/\" \/>\n\t\t<meta property=\"og:image\" content=\"https:\/\/cerv.gov.sk\/wp-content\/uploads\/2024\/09\/logo-na-web-1.png\" \/>\n\t\t<meta property=\"og:image:secure_url\" content=\"https:\/\/cerv.gov.sk\/wp-content\/uploads\/2024\/09\/logo-na-web-1.png\" \/>\n\t\t<meta property=\"article:published_time\" content=\"2025-12-04T10:44:08+00:00\" \/>\n\t\t<meta property=\"article:modified_time\" content=\"2026-07-06T14:31:31+00:00\" \/>\n\t\t<meta name=\"twitter:card\" content=\"summary_large_image\" \/>\n\t\t<meta name=\"twitter:title\" content=\"Nov\u00fd pracovn\u00fd program CERV na roky 2026 a 2027 -\" \/>\n\t\t<meta name=\"twitter:description\" content=\"18 v\u00fdziev na predkladanie \u017eiadost\u00ed (DG JUST &amp; EACEA)\" \/>\n\t\t<meta name=\"twitter:image\" content=\"https:\/\/cerv.gov.sk\/wp-content\/uploads\/2024\/09\/logo-na-web-1.png\" \/>\n\t\t<script type=\"application\/ld+json\" class=\"aioseo-schema\">\n\t\t\t{\"@context\":\"https:\\\/\\\/schema.org\",\"@graph\":[{\"@type\":\"BlogPosting\",\"@id\":\"https:\\\/\\\/cerv.gov.sk\\\/index.php\\\/2025\\\/12\\\/04\\\/novy-pracovny-program-cerv-na-roky-2026-a-2027\\\/#blogposting\",\"name\":\"Nov\\u00fd pracovn\\u00fd program CERV na roky 2026 a 2027 -\",\"headline\":\"Nov\\u00fd pracovn\\u00fd program CERV na roky 2026 a 2027\",\"author\":{\"@id\":\"https:\\\/\\\/cerv.gov.sk\\\/index.php\\\/author\\\/cseriova\\\/#author\"},\"publisher\":{\"@id\":\"https:\\\/\\\/cerv.gov.sk\\\/#organization\"},\"image\":{\"@type\":\"ImageObject\",\"url\":\"https:\\\/\\\/cerv.gov.sk\\\/wp-content\\\/uploads\\\/2025\\\/12\\\/updated-indicative-plan-December.png\",\"width\":1080,\"height\":1080,\"caption\":\"pracovn\\u00fd program na roky 2026\\\/2027 a indikativny plan vyziev na rok 2026\"},\"datePublished\":\"2025-12-04T11:44:08+01:00\",\"dateModified\":\"2026-07-06T16:31:31+02:00\",\"inLanguage\":\"sk-SK\",\"mainEntityOfPage\":{\"@id\":\"https:\\\/\\\/cerv.gov.sk\\\/index.php\\\/2025\\\/12\\\/04\\\/novy-pracovny-program-cerv-na-roky-2026-a-2027\\\/#webpage\"},\"isPartOf\":{\"@id\":\"https:\\\/\\\/cerv.gov.sk\\\/index.php\\\/2025\\\/12\\\/04\\\/novy-pracovny-program-cerv-na-roky-2026-a-2027\\\/#webpage\"},\"articleSection\":\"Aktuality, Aktuality, aktualne-vyzvy, v\\u00fdzvy, Sloven\\u010dina\"},{\"@type\":\"BreadcrumbList\",\"@id\":\"https:\\\/\\\/cerv.gov.sk\\\/index.php\\\/2025\\\/12\\\/04\\\/novy-pracovny-program-cerv-na-roky-2026-a-2027\\\/#breadcrumblist\",\"itemListElement\":[{\"@type\":\"ListItem\",\"@id\":\"https:\\\/\\\/cerv.gov.sk#listItem\",\"position\":1,\"name\":\"Home\",\"item\":\"https:\\\/\\\/cerv.gov.sk\",\"nextItem\":{\"@type\":\"ListItem\",\"@id\":\"https:\\\/\\\/cerv.gov.sk\\\/index.php\\\/vyzvy\\\/#listItem\",\"name\":\"V\\u00fdzvy\"}},{\"@type\":\"ListItem\",\"@id\":\"https:\\\/\\\/cerv.gov.sk\\\/index.php\\\/vyzvy\\\/#listItem\",\"position\":2,\"name\":\"V\\u00fdzvy\",\"item\":\"https:\\\/\\\/cerv.gov.sk\\\/index.php\\\/vyzvy\\\/\",\"nextItem\":{\"@type\":\"ListItem\",\"@id\":\"https:\\\/\\\/cerv.gov.sk\\\/index.php\\\/vyzvy\\\/aktualne-vyzvy\\\/#listItem\",\"name\":\"Aktu\\u00e1lne v\\u00fdzvy\"},\"previousItem\":{\"@type\":\"ListItem\",\"@id\":\"https:\\\/\\\/cerv.gov.sk#listItem\",\"name\":\"Home\"}},{\"@type\":\"ListItem\",\"@id\":\"https:\\\/\\\/cerv.gov.sk\\\/index.php\\\/vyzvy\\\/aktualne-vyzvy\\\/#listItem\",\"position\":3,\"name\":\"Aktu\\u00e1lne v\\u00fdzvy\",\"previousItem\":{\"@type\":\"ListItem\",\"@id\":\"https:\\\/\\\/cerv.gov.sk\\\/index.php\\\/vyzvy\\\/#listItem\",\"name\":\"V\\u00fdzvy\"}}]},{\"@type\":\"Organization\",\"@id\":\"https:\\\/\\\/cerv.gov.sk\\\/#organization\",\"url\":\"https:\\\/\\\/cerv.gov.sk\\\/\",\"logo\":{\"@type\":\"ImageObject\",\"url\":\"https:\\\/\\\/cerv.gov.sk\\\/wp-content\\\/uploads\\\/2024\\\/09\\\/logo-na-web-1.png\",\"@id\":\"https:\\\/\\\/cerv.gov.sk\\\/index.php\\\/2025\\\/12\\\/04\\\/novy-pracovny-program-cerv-na-roky-2026-a-2027\\\/#organizationLogo\",\"width\":8000,\"height\":1500},\"image\":{\"@id\":\"https:\\\/\\\/cerv.gov.sk\\\/index.php\\\/2025\\\/12\\\/04\\\/novy-pracovny-program-cerv-na-roky-2026-a-2027\\\/#organizationLogo\"}},{\"@type\":\"Person\",\"@id\":\"https:\\\/\\\/cerv.gov.sk\\\/index.php\\\/author\\\/cseriova\\\/#author\",\"url\":\"https:\\\/\\\/cerv.gov.sk\\\/index.php\\\/author\\\/cseriova\\\/\",\"name\":\"Timea Cseriova\",\"image\":{\"@type\":\"ImageObject\",\"@id\":\"https:\\\/\\\/cerv.gov.sk\\\/index.php\\\/2025\\\/12\\\/04\\\/novy-pracovny-program-cerv-na-roky-2026-a-2027\\\/#authorImage\",\"url\":\"https:\\\/\\\/secure.gravatar.com\\\/avatar\\\/c57fd07f7193b84a0ba49b4b9e66c232fe0c37471cb730bc80005d38cc04002f?s=96&d=mm&r=g\",\"width\":96,\"height\":96,\"caption\":\"Timea Cseriova\"}},{\"@type\":\"WebPage\",\"@id\":\"https:\\\/\\\/cerv.gov.sk\\\/index.php\\\/2025\\\/12\\\/04\\\/novy-pracovny-program-cerv-na-roky-2026-a-2027\\\/#webpage\",\"url\":\"https:\\\/\\\/cerv.gov.sk\\\/index.php\\\/2025\\\/12\\\/04\\\/novy-pracovny-program-cerv-na-roky-2026-a-2027\\\/\",\"name\":\"Nov\\u00fd pracovn\\u00fd program CERV na roky 2026 a 2027 -\",\"description\":\"18 v\\u00fdziev na predkladanie \\u017eiadost\\u00ed (DG JUST & EACEA)\",\"inLanguage\":\"sk-SK\",\"isPartOf\":{\"@id\":\"https:\\\/\\\/cerv.gov.sk\\\/#website\"},\"breadcrumb\":{\"@id\":\"https:\\\/\\\/cerv.gov.sk\\\/index.php\\\/2025\\\/12\\\/04\\\/novy-pracovny-program-cerv-na-roky-2026-a-2027\\\/#breadcrumblist\"},\"author\":{\"@id\":\"https:\\\/\\\/cerv.gov.sk\\\/index.php\\\/author\\\/cseriova\\\/#author\"},\"creator\":{\"@id\":\"https:\\\/\\\/cerv.gov.sk\\\/index.php\\\/author\\\/cseriova\\\/#author\"},\"image\":{\"@type\":\"ImageObject\",\"url\":\"https:\\\/\\\/cerv.gov.sk\\\/wp-content\\\/uploads\\\/2025\\\/12\\\/updated-indicative-plan-December.png\",\"@id\":\"https:\\\/\\\/cerv.gov.sk\\\/index.php\\\/2025\\\/12\\\/04\\\/novy-pracovny-program-cerv-na-roky-2026-a-2027\\\/#mainImage\",\"width\":1080,\"height\":1080,\"caption\":\"pracovn\\u00fd program na roky 2026\\\/2027 a indikativny plan vyziev na rok 2026\"},\"primaryImageOfPage\":{\"@id\":\"https:\\\/\\\/cerv.gov.sk\\\/index.php\\\/2025\\\/12\\\/04\\\/novy-pracovny-program-cerv-na-roky-2026-a-2027\\\/#mainImage\"},\"datePublished\":\"2025-12-04T11:44:08+01:00\",\"dateModified\":\"2026-07-06T16:31:31+02:00\"},{\"@type\":\"WebSite\",\"@id\":\"https:\\\/\\\/cerv.gov.sk\\\/#website\",\"url\":\"https:\\\/\\\/cerv.gov.sk\\\/\",\"inLanguage\":\"sk-SK\",\"publisher\":{\"@id\":\"https:\\\/\\\/cerv.gov.sk\\\/#organization\"}}]}\n\t\t<\/script>\n\t\t<!-- All in One SEO -->\n\n","aioseo_head_json":{"title":"Nov\u00fd pracovn\u00fd program CERV na roky 2026 a 2027 -","description":"18 v\u00fdziev na predkladanie \u017eiadost\u00ed (DG JUST & EACEA)","canonical_url":"https:\/\/cerv.gov.sk\/index.php\/2025\/12\/04\/novy-pracovny-program-cerv-na-roky-2026-a-2027\/","robots":"noindex, nofollow, max-image-preview:large","keywords":"","webmasterTools":{"miscellaneous":""},"schema":{"@context":"https:\/\/schema.org","@graph":[{"@type":"BlogPosting","@id":"https:\/\/cerv.gov.sk\/index.php\/2025\/12\/04\/novy-pracovny-program-cerv-na-roky-2026-a-2027\/#blogposting","name":"Nov\u00fd pracovn\u00fd program CERV na roky 2026 a 2027 -","headline":"Nov\u00fd pracovn\u00fd program CERV na roky 2026 a 2027","author":{"@id":"https:\/\/cerv.gov.sk\/index.php\/author\/cseriova\/#author"},"publisher":{"@id":"https:\/\/cerv.gov.sk\/#organization"},"image":{"@type":"ImageObject","url":"https:\/\/cerv.gov.sk\/wp-content\/uploads\/2025\/12\/updated-indicative-plan-December.png","width":1080,"height":1080,"caption":"pracovn\u00fd program na roky 2026\/2027 a indikativny plan vyziev na rok 2026"},"datePublished":"2025-12-04T11:44:08+01:00","dateModified":"2026-07-06T16:31:31+02:00","inLanguage":"sk-SK","mainEntityOfPage":{"@id":"https:\/\/cerv.gov.sk\/index.php\/2025\/12\/04\/novy-pracovny-program-cerv-na-roky-2026-a-2027\/#webpage"},"isPartOf":{"@id":"https:\/\/cerv.gov.sk\/index.php\/2025\/12\/04\/novy-pracovny-program-cerv-na-roky-2026-a-2027\/#webpage"},"articleSection":"Aktuality, Aktuality, aktualne-vyzvy, v\u00fdzvy, Sloven\u010dina"},{"@type":"BreadcrumbList","@id":"https:\/\/cerv.gov.sk\/index.php\/2025\/12\/04\/novy-pracovny-program-cerv-na-roky-2026-a-2027\/#breadcrumblist","itemListElement":[{"@type":"ListItem","@id":"https:\/\/cerv.gov.sk#listItem","position":1,"name":"Home","item":"https:\/\/cerv.gov.sk","nextItem":{"@type":"ListItem","@id":"https:\/\/cerv.gov.sk\/index.php\/vyzvy\/#listItem","name":"V\u00fdzvy"}},{"@type":"ListItem","@id":"https:\/\/cerv.gov.sk\/index.php\/vyzvy\/#listItem","position":2,"name":"V\u00fdzvy","item":"https:\/\/cerv.gov.sk\/index.php\/vyzvy\/","nextItem":{"@type":"ListItem","@id":"https:\/\/cerv.gov.sk\/index.php\/vyzvy\/aktualne-vyzvy\/#listItem","name":"Aktu\u00e1lne v\u00fdzvy"},"previousItem":{"@type":"ListItem","@id":"https:\/\/cerv.gov.sk#listItem","name":"Home"}},{"@type":"ListItem","@id":"https:\/\/cerv.gov.sk\/index.php\/vyzvy\/aktualne-vyzvy\/#listItem","position":3,"name":"Aktu\u00e1lne v\u00fdzvy","previousItem":{"@type":"ListItem","@id":"https:\/\/cerv.gov.sk\/index.php\/vyzvy\/#listItem","name":"V\u00fdzvy"}}]},{"@type":"Organization","@id":"https:\/\/cerv.gov.sk\/#organization","url":"https:\/\/cerv.gov.sk\/","logo":{"@type":"ImageObject","url":"https:\/\/cerv.gov.sk\/wp-content\/uploads\/2024\/09\/logo-na-web-1.png","@id":"https:\/\/cerv.gov.sk\/index.php\/2025\/12\/04\/novy-pracovny-program-cerv-na-roky-2026-a-2027\/#organizationLogo","width":8000,"height":1500},"image":{"@id":"https:\/\/cerv.gov.sk\/index.php\/2025\/12\/04\/novy-pracovny-program-cerv-na-roky-2026-a-2027\/#organizationLogo"}},{"@type":"Person","@id":"https:\/\/cerv.gov.sk\/index.php\/author\/cseriova\/#author","url":"https:\/\/cerv.gov.sk\/index.php\/author\/cseriova\/","name":"Timea Cseriova","image":{"@type":"ImageObject","@id":"https:\/\/cerv.gov.sk\/index.php\/2025\/12\/04\/novy-pracovny-program-cerv-na-roky-2026-a-2027\/#authorImage","url":"https:\/\/secure.gravatar.com\/avatar\/c57fd07f7193b84a0ba49b4b9e66c232fe0c37471cb730bc80005d38cc04002f?s=96&d=mm&r=g","width":96,"height":96,"caption":"Timea Cseriova"}},{"@type":"WebPage","@id":"https:\/\/cerv.gov.sk\/index.php\/2025\/12\/04\/novy-pracovny-program-cerv-na-roky-2026-a-2027\/#webpage","url":"https:\/\/cerv.gov.sk\/index.php\/2025\/12\/04\/novy-pracovny-program-cerv-na-roky-2026-a-2027\/","name":"Nov\u00fd pracovn\u00fd program CERV na roky 2026 a 2027 -","description":"18 v\u00fdziev na predkladanie \u017eiadost\u00ed (DG JUST & EACEA)","inLanguage":"sk-SK","isPartOf":{"@id":"https:\/\/cerv.gov.sk\/#website"},"breadcrumb":{"@id":"https:\/\/cerv.gov.sk\/index.php\/2025\/12\/04\/novy-pracovny-program-cerv-na-roky-2026-a-2027\/#breadcrumblist"},"author":{"@id":"https:\/\/cerv.gov.sk\/index.php\/author\/cseriova\/#author"},"creator":{"@id":"https:\/\/cerv.gov.sk\/index.php\/author\/cseriova\/#author"},"image":{"@type":"ImageObject","url":"https:\/\/cerv.gov.sk\/wp-content\/uploads\/2025\/12\/updated-indicative-plan-December.png","@id":"https:\/\/cerv.gov.sk\/index.php\/2025\/12\/04\/novy-pracovny-program-cerv-na-roky-2026-a-2027\/#mainImage","width":1080,"height":1080,"caption":"pracovn\u00fd program na roky 2026\/2027 a indikativny plan vyziev na rok 2026"},"primaryImageOfPage":{"@id":"https:\/\/cerv.gov.sk\/index.php\/2025\/12\/04\/novy-pracovny-program-cerv-na-roky-2026-a-2027\/#mainImage"},"datePublished":"2025-12-04T11:44:08+01:00","dateModified":"2026-07-06T16:31:31+02:00"},{"@type":"WebSite","@id":"https:\/\/cerv.gov.sk\/#website","url":"https:\/\/cerv.gov.sk\/","inLanguage":"sk-SK","publisher":{"@id":"https:\/\/cerv.gov.sk\/#organization"}}]},"og:locale":"sk_SK","og:site_name":"-","og:type":"article","og:title":"Nov\u00fd pracovn\u00fd program CERV na roky 2026 a 2027 -","og:description":"18 v\u00fdziev na predkladanie \u017eiadost\u00ed (DG JUST &amp; EACEA)","og:url":"https:\/\/cerv.gov.sk\/index.php\/2025\/12\/04\/novy-pracovny-program-cerv-na-roky-2026-a-2027\/","og:image":"https:\/\/cerv.gov.sk\/wp-content\/uploads\/2024\/09\/logo-na-web-1.png","og:image:secure_url":"https:\/\/cerv.gov.sk\/wp-content\/uploads\/2024\/09\/logo-na-web-1.png","article:published_time":"2025-12-04T10:44:08+00:00","article:modified_time":"2026-07-06T14:31:31+00:00","twitter:card":"summary_large_image","twitter:title":"Nov\u00fd pracovn\u00fd program CERV na roky 2026 a 2027 -","twitter:description":"18 v\u00fdziev na predkladanie \u017eiadost\u00ed (DG JUST &amp; EACEA)","twitter:image":"https:\/\/cerv.gov.sk\/wp-content\/uploads\/2024\/09\/logo-na-web-1.png"},"aioseo_meta_data":{"post_id":"551","title":null,"description":null,"keywords":null,"keyphrases":{"focus":[],"additional":[]},"primary_term":null,"canonical_url":null,"og_title":null,"og_description":null,"og_object_type":"default","og_image_type":"default","og_image_url":null,"og_image_width":null,"og_image_height":null,"og_image_custom_url":null,"og_image_custom_fields":null,"og_video":null,"og_custom_url":null,"og_article_section":null,"og_article_tags":null,"twitter_use_og":false,"twitter_card":"default","twitter_image_type":"default","twitter_image_url":null,"twitter_image_custom_url":null,"twitter_image_custom_fields":null,"twitter_title":null,"twitter_description":null,"schema":{"blockGraphs":[],"customGraphs":[],"default":{"data":{"Article":[],"Course":[],"Dataset":[],"FAQPage":[],"Movie":[],"Person":[],"Product":[],"ProductReview":[],"Car":[],"Recipe":[],"Service":[],"SoftwareApplication":[],"WebPage":[]},"graphName":"","isEnabled":true},"graphs":[]},"schema_type":"default","schema_type_options":null,"pillar_content":false,"robots_default":true,"robots_noindex":false,"robots_noarchive":false,"robots_nosnippet":false,"robots_nofollow":false,"robots_noimageindex":false,"robots_noodp":false,"robots_notranslate":false,"robots_max_snippet":null,"robots_max_videopreview":null,"robots_max_imagepreview":"large","priority":null,"frequency":null,"local_seo":null,"breadcrumb_settings":null,"limit_modified_date":false,"ai":null,"created":"2026-05-19 11:51:38","updated":"2026-08-04 08:51:33","seo_analyzer_scan_date":null,"focus_keyword":null,"additional_keywords":null,"truseo_locale":null},"aioseo_breadcrumb":"<div class=\"aioseo-breadcrumbs\"><span class=\"aioseo-breadcrumb\">\n\t\t\t<a href=\"https:\/\/cerv.gov.sk\" title=\"Home\">Home<\/a>\n\t\t<\/span><span class=\"aioseo-breadcrumb-separator\">&raquo;<\/span><span class=\"aioseo-breadcrumb\">\n\t\t\t<a href=\"https:\/\/cerv.gov.sk\/index.php\/vyzvy\/\" title=\"V\u00fdzvy\">V\u00fdzvy<\/a>\n\t\t<\/span><span class=\"aioseo-breadcrumb-separator\">&raquo;<\/span><span class=\"aioseo-breadcrumb\">\n\t\t\tAktu\u00e1lne v\u00fdzvy\n\t\t<\/span><\/div>","aioseo_breadcrumb_json":[{"label":"Home","link":"https:\/\/cerv.gov.sk"},{"label":"V\u00fdzvy","link":"https:\/\/cerv.gov.sk\/index.php\/vyzvy\/"},{"label":"Aktu\u00e1lne v\u00fdzvy","link":"https:\/\/cerv.gov.sk\/index.php\/vyzvy\/aktualne-vyzvy\/"}],"_links":{"self":[{"href":"https:\/\/cerv.gov.sk\/index.php\/wp-json\/wp\/v2\/pages\/551","targetHints":{"allow":["GET"]}}],"collection":[{"href":"https:\/\/cerv.gov.sk\/index.php\/wp-json\/wp\/v2\/pages"}],"about":[{"href":"https:\/\/cerv.gov.sk\/index.php\/wp-json\/wp\/v2\/types\/page"}],"author":[{"embeddable":true,"href":"https:\/\/cerv.gov.sk\/index.php\/wp-json\/wp\/v2\/users\/1"}],"replies":[{"embeddable":true,"href":"https:\/\/cerv.gov.sk\/index.php\/wp-json\/wp\/v2\/comments?post=551"}],"version-history":[{"count":37,"href":"https:\/\/cerv.gov.sk\/index.php\/wp-json\/wp\/v2\/pages\/551\/revisions"}],"predecessor-version":[{"id":1863,"href":"https:\/\/cerv.gov.sk\/index.php\/wp-json\/wp\/v2\/pages\/551\/revisions\/1863"}],"up":[{"embeddable":true,"href":"https:\/\/cerv.gov.sk\/index.php\/wp-json\/wp\/v2\/pages\/13"}],"wp:attachment":[{"href":"https:\/\/cerv.gov.sk\/index.php\/wp-json\/wp\/v2\/media?parent=551"}],"curies":[{"name":"wp","href":"https:\/\/api.w.org\/{rel}","templated":true}]}}